{"id":28708,"date":"2025-05-14T15:55:43","date_gmt":"2025-05-14T15:55:43","guid":{"rendered":"https:\/\/movio.be\/product\/provira-relaxstoel-65x79x87-cm-fluweel-lichtgrijs\/"},"modified":"2026-04-27T14:17:45","modified_gmt":"2026-04-27T14:17:45","slug":"provira-relaxstoel-65x79x87-cm-fluweel-lichtgrijs","status":"publish","type":"product","link":"https:\/\/movio.be\/fr\/product\/provira-relaxstoel-65x79x87-cm-fluweel-lichtgrijs\/","title":{"rendered":"Fauteuil relax 65x79x87 cm velours gris clair"},"content":{"rendered":"<p>Avec son design tendance, ce fauteuil inclinable est un ajout pratique et moderne \u00e0 votre int\u00e9rieur. Rev\u00eatu de velours doux au toucher, ce fauteuil de salon est con\u00e7u de mani\u00e8re ergonomique pour vous offrir une exp\u00e9rience d'assise confortable. L'assise et le dossier rembourr\u00e9s offrent un confort suppl\u00e9mentaire. De plus, les pieds en m\u00e9tal rev\u00eatus de poudre assurent la stabilit\u00e9 et la robustesse de la chaise. Maximum 110 kg par si\u00e8ge. Veuillez tenir compte du risque de feu ouvert et d'autres sources de chaleur \u00e0 proximit\u00e9 du produit.<\/p>","protected":false},"excerpt":{"rendered":"<ul>\n<li>Couleur : gris clair et noir<\/li>\n<li>Mat\u00e9riau : velours (polyester 100%) et m\u00e9tal peint par poudrage<\/li>\n<li>Dimensions : 65 x 79 x 87 cm (L x P x H)<\/li>\n<li>Largeur de l'assise : 61 cm<\/li>\n<li>Profondeur d'assise : 51 cm<\/li>\n<li>\u00c9paisseur du si\u00e8ge : 18 cm<\/li>\n<li>Hauteur du dossier : 51 cm<\/li>\n<li>Hauteur du si\u00e8ge par rapport au sol : 42 cm<\/li>\n<li>Capacit\u00e9 de charge : 110 kg<\/li>\n<li>Assemblage n\u00e9cessaire<\/li>\n<\/ul>","protected":false},"featured_media":28710,"comment_status":"closed","ping_status":"open","template":"","meta":[],"product_brand":[81],"product_cat":[1234,1498],"product_tag":[1805,264,370,101,1789],"class_list":{"0":"post-28708","1":"product","2":"type-product","3":"status-publish","4":"has-post-thumbnail","6":"product_brand-provira","7":"product_cat-meubelen","8":"product_cat-stoelen","9":"product_tag-bohemian","10":"product_tag-fluweel","11":"product_tag-gepoedercoat","12":"product_tag-grijs","13":"product_tag-stoel","14":"pa_afwerking-gepoedercoat","15":"pa_kleur-grijs","16":"pa_materiaal-fluweel","17":"pa_producttype-stoel","18":"pa_stijl-bohemian","20":"first","21":"instock","22":"sale","23":"purchasable","24":"product-type-simple"},"_links":{"self":[{"href":"https:\/\/movio.be\/fr\/wp-json\/wp\/v2\/product\/28708","targetHints":{"allow":["GET"]}}],"collection":[{"href":"https:\/\/movio.be\/fr\/wp-json\/wp\/v2\/product"}],"about":[{"href":"https:\/\/movio.be\/fr\/wp-json\/wp\/v2\/types\/product"}],"replies":[{"embeddable":true,"href":"https:\/\/movio.be\/fr\/wp-json\/wp\/v2\/comments?post=28708"}],"version-history":[{"count":2,"href":"https:\/\/movio.be\/fr\/wp-json\/wp\/v2\/product\/28708\/revisions"}],"predecessor-version":[{"id":93721,"href":"https:\/\/movio.be\/fr\/wp-json\/wp\/v2\/product\/28708\/revisions\/93721"}],"wp:featuredmedia":[{"embeddable":true,"href":"https:\/\/movio.be\/fr\/wp-json\/wp\/v2\/media\/28710"}],"wp:attachment":[{"href":"https:\/\/movio.be\/fr\/wp-json\/wp\/v2\/media?parent=28708"}],"wp:term":[{"taxonomy":"product_brand","embeddable":true,"href":"https:\/\/movio.be\/fr\/wp-json\/wp\/v2\/product_brand?post=28708"},{"taxonomy":"product_cat","embeddable":true,"href":"https:\/\/movio.be\/fr\/wp-json\/wp\/v2\/product_cat?post=28708"},{"taxonomy":"product_tag","embeddable":true,"href":"https:\/\/movio.be\/fr\/wp-json\/wp\/v2\/product_tag?post=28708"}],"curies":[{"name":"wp","href":"https:\/\/api.w.org\/{rel}","templated":true}]}}